{"id":25,"date":"2023-11-27T21:01:42","date_gmt":"2023-11-27T20:01:42","guid":{"rendered":"http:\/\/ecolejeannedarc-lamadeleine.fr\/?page_id=25"},"modified":"2023-12-18T10:11:46","modified_gmt":"2023-12-18T09:11:46","slug":"logec","status":"publish","type":"page","link":"https:\/\/ecolejeannedarc-lamadeleine.fr\/?page_id=25","title":{"rendered":"L&rsquo;OGEC"},"content":{"rendered":"\t\t<div data-elementor-type=\"wp-page\" data-elementor-id=\"25\" class=\"elementor elementor-25\">\n\t\t\t\t<div class=\"elementor-element elementor-element-78baa11 e-flex e-con-boxed wpr-particle-no wpr-jarallax-no wpr-parallax-no wpr-sticky-section-no e-con e-parent\" data-id=\"78baa11\" data-element_type=\"container\" data-core-v316-plus=\"true\">\n\t\t\t\t\t<div class=\"e-con-inner\">\n\t\t<div class=\"elementor-element elementor-element-8e7eb89 e-con-full e-flex wpr-particle-no wpr-jarallax-no wpr-parallax-no wpr-sticky-section-no e-con e-child\" data-id=\"8e7eb89\" data-element_type=\"container\">\n\t\t\t\t<div class=\"elementor-element elementor-element-110dca5 elementor-widget elementor-widget-image\" data-id=\"110dca5\" data-element_type=\"widget\" data-widget_type=\"image.default\">\n\t\t\t\t<div class=\"elementor-widget-container\">\n\t\t\t<style>\/*! elementor - v3.20.0 - 26-03-2024 *\/\n.elementor-widget-image{text-align:center}.elementor-widget-image a{display:inline-block}.elementor-widget-image a img[src$=\".svg\"]{width:48px}.elementor-widget-image img{vertical-align:middle;display:inline-block}<\/style>\t\t\t\t\t\t\t\t\t\t<img fetchpriority=\"high\" decoding=\"async\" width=\"450\" height=\"254\" src=\"https:\/\/ecolejeannedarc-lamadeleine.fr\/wp-content\/uploads\/2023\/11\/Capture-decran-2023-11-28-a-19.23.05.png\" class=\"attachment-large size-large wp-image-217\" alt=\"\" srcset=\"https:\/\/ecolejeannedarc-lamadeleine.fr\/wp-content\/uploads\/2023\/11\/Capture-decran-2023-11-28-a-19.23.05.png 450w, https:\/\/ecolejeannedarc-lamadeleine.fr\/wp-content\/uploads\/2023\/11\/Capture-decran-2023-11-28-a-19.23.05-300x169.png 300w\" sizes=\"(max-width: 450px) 100vw, 450px\" \/>\t\t\t\t\t\t\t\t\t\t\t\t\t<\/div>\n\t\t\t\t<\/div>\n\t\t\t\t<\/div>\n\t\t<div class=\"elementor-element elementor-element-ed5a743 e-con-full e-flex wpr-particle-no wpr-jarallax-no wpr-parallax-no wpr-sticky-section-no e-con e-child\" data-id=\"ed5a743\" data-element_type=\"container\">\n\t\t\t\t<div class=\"elementor-element elementor-element-20bf951 elementor-widget__width-initial elementor-widget elementor-widget-text-editor\" data-id=\"20bf951\" data-element_type=\"widget\" data-widget_type=\"text-editor.default\">\n\t\t\t\t<div class=\"elementor-widget-container\">\n\t\t\t<style>\/*! elementor - v3.20.0 - 26-03-2024 *\/\n.elementor-widget-text-editor.elementor-drop-cap-view-stacked .elementor-drop-cap{background-color:#69727d;color:#fff}.elementor-widget-text-editor.elementor-drop-cap-view-framed .elementor-drop-cap{color:#69727d;border:3px solid;background-color:transparent}.elementor-widget-text-editor:not(.elementor-drop-cap-view-default) .elementor-drop-cap{margin-top:8px}.elementor-widget-text-editor:not(.elementor-drop-cap-view-default) .elementor-drop-cap-letter{width:1em;height:1em}.elementor-widget-text-editor .elementor-drop-cap{float:left;text-align:center;line-height:1;font-size:50px}.elementor-widget-text-editor .elementor-drop-cap-letter{display:inline-block}<\/style>\t\t\t\t<p class=\"p1\" style=\"font-variant-ligatures: normal; font-variant-caps: normal; font-family: Roboto, sans-serif; font-size: 14px; font-style: normal; font-weight: 400;\">L&rsquo;OGEC de l&rsquo;\u00e9cole Jeanne d&rsquo;Arc est une association, datant de la loi de 1901, ayant pour objet de fournir \u00e0 l&rsquo;\u00e9cole, de fa\u00e7on p\u00e9renne, les conditions mat\u00e9rielles optimales permettant la pleine r\u00e9alisation du projet \u00e9ducatif. L&rsquo;objectif est de donner aux enfants un cadre de travail favorisant leur \u00e9panouissement et les apprentissages.&nbsp;<\/p>\n<p class=\"p1\" style=\"font-variant-ligatures: normal; font-variant-caps: normal; font-family: Roboto, sans-serif; font-size: 14px; font-style: normal; font-weight: 400;\">L&rsquo;association OGEC est l&rsquo;entit\u00e9 juridique de l&rsquo;\u00e9cole. Elle est rattach\u00e9e au groupement des OGEC du Nord (UDOGEC) et de la r\u00e9gion (UROGEC). Elle est constitu\u00e9e d&rsquo;un Conseil d&rsquo;Administration (CA) et d&rsquo;un bureau. Les projets sont organis\u00e9s en commissions de travail, qui rendent compte de leurs travaux au Conseil.&nbsp;<\/p>\n<p class=\"p1\" style=\"font-variant-ligatures: normal; font-variant-caps: normal; font-family: Roboto, sans-serif; font-size: 14px; font-style: normal; font-weight: 400;\">A ce jour, l&rsquo;OGEC compte 11 membres dont 5 membres du bureau, \u00e9lus par le Conseil d&rsquo;Administration. Tous les parents d&rsquo;\u00e9l\u00e8ves d\u00e9sireux de participer \u00e0 la vie de l&rsquo;\u00e9cole peuvent rejoindre l&rsquo;OGEC.&nbsp;<\/p>\n<p class=\"p1\" style=\"font-variant-ligatures: normal; font-variant-caps: normal; font-family: Roboto, sans-serif; font-size: 14px; font-style: normal; font-weight: 400;\">Une assembl\u00e9e g\u00e9n\u00e9rale a lieu tous les ans en janvier afin de pr\u00e9senter les actions et les finances de l&rsquo;association, elle est ouverte \u00e0 tous, vous y \u00eates les bienvenus !<\/p>\n<p><\/p>\n<p class=\"p1\" style=\"font-variant-ligatures: normal; font-variant-caps: normal; font-family: Roboto, sans-serif; font-size: 14px; font-style: normal; font-weight: 400;\">\n<\/p>\t\t\t\t\t\t<\/div>\n\t\t\t\t<\/div>\n\t\t\t\t<\/div>\n\t\t\t\t\t<\/div>\n\t\t\t\t<\/div>\n\t\t<div class=\"elementor-element elementor-element-e938a4a e-con-full e-flex wpr-particle-no wpr-jarallax-no wpr-parallax-no wpr-sticky-section-no e-con e-parent\" data-id=\"e938a4a\" data-element_type=\"container\" data-core-v316-plus=\"true\">\n\t\t<div class=\"elementor-element elementor-element-2e8103f e-con-full e-flex wpr-particle-no wpr-jarallax-no wpr-parallax-no wpr-sticky-section-no e-con e-child\" data-id=\"2e8103f\" data-element_type=\"container\">\n\t\t\t\t<div class=\"elementor-element elementor-element-0bab1b3 elementor-widget elementor-widget-text-editor\" data-id=\"0bab1b3\" data-element_type=\"widget\" data-widget_type=\"text-editor.default\">\n\t\t\t\t<div class=\"elementor-widget-container\">\n\t\t\t\t\t\t\t<h5><span class=\"s1\" style=\"font-variant-ligatures: normal; font-variant-caps: normal; font-family: Helvetica; font-size: 14px; font-style: normal; font-weight: 400; color: #000000;\"><span style=\"font-size: 14px; font-weight: bold;\">A l\u2019\u00e9cole, l\u2019OGEC assure les missions suivantes\u00a0<\/span>:<\/span><\/h5><ul><li><h5><span style=\"color: #1a1a1a; font-family: Helvetica; font-size: 14px; font-style: normal; font-variant-ligatures: normal; font-variant-caps: normal; font-weight: 400;\">La gestion financi\u00e8re<\/span><\/h5><\/li><li><h5><span style=\"color: #1a1a1a; font-family: Helvetica; font-size: 14px; font-style: normal; font-variant-ligatures: normal; font-variant-caps: normal; font-weight: 400;\">La gestion de l\u2019immobilier : entretien, r\u00e9novation, am\u00e9lioration des b\u00e2timents, des salles de classes, de la cantine&#8230;<\/span><\/h5><\/li><li><h5><span style=\"color: #1a1a1a; font-family: Helvetica; font-size: 14px; font-style: normal; font-variant-ligatures: normal; font-variant-caps: normal; font-weight: 400;\">La gestion du personnel non-enseignant : ASEM, surveillant, entretien et m\u00e9nage<\/span><\/h5><\/li><li><h5><span style=\"color: #1a1a1a; font-family: Helvetica; font-size: 14px; font-style: normal; font-variant-ligatures: normal; font-variant-caps: normal; font-weight: 400;\">La gestion des services para-scolaires : organisation et financement de la cantine et de la garderie<\/span><\/h5><\/li><li><h5><span style=\"color: #1a1a1a; font-family: Helvetica; font-size: 14px; font-style: normal; font-variant-ligatures: normal; font-variant-caps: normal; font-weight: 400;\">La gestion de la communication : charte graphique de l\u2019\u00e9cole et site web<\/span><\/h5><\/li><li><h5><span style=\"color: #1a1a1a; font-family: Helvetica; font-size: 14px; font-style: normal; font-variant-ligatures: normal; font-variant-caps: normal; font-weight: 400;\">La repr\u00e9sentation juridique de l\u2019\u00e9cole<\/span><span class=\"Apple-converted-space\" style=\"font-variant-ligatures: normal; font-variant-caps: normal; font-family: Helvetica; font-size: 14px; font-style: normal; font-weight: 400; color: #1a1a1a;\">\u00a0<\/span><\/h5><\/li><\/ul>\t\t\t\t\t\t<\/div>\n\t\t\t\t<\/div>\n\t\t\t\t<\/div>\n\t\t<div class=\"elementor-element elementor-element-ad3ab8d e-con-full e-flex wpr-particle-no wpr-jarallax-no wpr-parallax-no wpr-sticky-section-no e-con e-child\" data-id=\"ad3ab8d\" data-element_type=\"container\">\n\t\t\t\t<div class=\"elementor-element elementor-element-32a2ec1 elementor-widget elementor-widget-text-editor\" data-id=\"32a2ec1\" data-element_type=\"widget\" data-widget_type=\"text-editor.default\">\n\t\t\t\t<div class=\"elementor-widget-container\">\n\t\t\t\t\t\t\t<p><b>Vous pouvez participer de fa\u00e7on permanente ou ponctuelle \u00e0 l&rsquo;OGEC :<\/b><\/p>\n<p>&#8211; De fa\u00e7on permanente : en devenant membre de l&rsquo;OGEC.<\/p>\n<p>&#8211; De fa\u00e7on ponctuelle : en faisant conna\u00eetre vos comp\u00e9tences, nous pourrons vous solliciter pour participer \u00e0 une commission sur la th\u00e9matique qui vous int\u00e9resse.&nbsp;<\/p>\n<p>A bient\u00f4t pour service ensemble le bien-\u00eatre de nos enfants \u00e0 l&rsquo;\u00e9cole !<\/p>\n<p><\/p>\t\t\t\t\t\t<\/div>\n\t\t\t\t<\/div>\n\t\t\t\t<\/div>\n\t\t\t\t<\/div>\n\t\t\t\t<section class=\"elementor-section elementor-inner-section elementor-element elementor-element-2499b39 elementor-section-boxed elementor-section-height-default elementor-section-height-default wpr-particle-no wpr-jarallax-no wpr-parallax-no wpr-sticky-section-no\" data-id=\"2499b39\" data-element_type=\"section\">\n\t\t\t\t\t\t<div class=\"elementor-container elementor-column-gap-default\">\n\t\t\t\t\t<div class=\"elementor-column elementor-col-25 elementor-inner-column elementor-element elementor-element-9d562d6\" data-id=\"9d562d6\" data-element_type=\"column\">\n\t\t\t<div class=\"elementor-widget-wrap\">\n\t\t\t\t\t\t\t<\/div>\n\t\t<\/div>\n\t\t\t\t<div class=\"elementor-column elementor-col-25 elementor-inner-column elementor-element elementor-element-d43cdd6 animated-slow elementor-invisible\" data-id=\"d43cdd6\" data-element_type=\"column\" data-settings=\"{&quot;background_background&quot;:&quot;classic&quot;,&quot;animation&quot;:&quot;fadeInLeft&quot;}\">\n\t\t\t<div class=\"elementor-widget-wrap elementor-element-populated\">\n\t\t\t\t\t\t<div class=\"elementor-element elementor-element-9693b6c eael-team-align-centered elementor-widget elementor-widget-eael-team-member\" data-id=\"9693b6c\" data-element_type=\"widget\" data-widget_type=\"eael-team-member.default\">\n\t\t\t\t<div class=\"elementor-widget-container\">\n\t\t\t\n\n\t<div id=\"eael-team-member-9693b6c\" class=\"eael-team-item eael-team-members-centered \">\n\t\t<div class=\"eael-team-item-inner\">\n\t\t\t<div class=\"eael-team-image\">\n\t\t\t\t<figure>\n\t\t\t\t\t<img decoding=\"async\" src=\"https:\/\/ecolejeannedarc-lamadeleine.fr\/wp-content\/uploads\/elementor\/thumbs\/Capture-decran-2023-11-28-a-19.22.31-qg1d88az7kpfyjkme3vfm253zq9mjwe35tm0x1j2lo.png\" alt=\"\">\n\t\t\t\t<\/figure>\n\t\t\t\t\n\t\t\t\t\n\t\t\t<\/div>\n\n\t\t\t<div class=\"eael-team-content\">\n\t\t\t\t<h2 class=\"eael-team-member-name\">Louise BRETON<\/h2>\n\t\t\t\t<h3 class=\"eael-team-member-position\">Pr\u00e9sidente<\/h3>\n\n\t\t\t\t\t\t\t\t\t\t\t\t\t\t<p class=\"eael-team-text\"><\/p>\n\t\t\t\t\t\t\t<\/div>\n\t\t<\/div>\n\t<\/div>\n\t\t\t<\/div>\n\t\t\t\t<\/div>\n\t\t\t\t\t<\/div>\n\t\t<\/div>\n\t\t\t\t<div class=\"elementor-column elementor-col-25 elementor-inner-column elementor-element elementor-element-7d0da87 animated-slow elementor-invisible\" data-id=\"7d0da87\" data-element_type=\"column\" data-settings=\"{&quot;background_background&quot;:&quot;classic&quot;,&quot;animation&quot;:&quot;fadeInUp&quot;}\">\n\t\t\t<div class=\"elementor-widget-wrap elementor-element-populated\">\n\t\t\t\t\t\t<div class=\"elementor-element elementor-element-cd9a844 eael-team-align-centered elementor-widget elementor-widget-eael-team-member\" data-id=\"cd9a844\" data-element_type=\"widget\" data-widget_type=\"eael-team-member.default\">\n\t\t\t\t<div class=\"elementor-widget-container\">\n\t\t\t\n\n\t<div id=\"eael-team-member-cd9a844\" class=\"eael-team-item eael-team-members-centered \">\n\t\t<div class=\"eael-team-item-inner\">\n\t\t\t<div class=\"eael-team-image\">\n\t\t\t\t<figure>\n\t\t\t\t\t<img decoding=\"async\" src=\"https:\/\/ecolejeannedarc-lamadeleine.fr\/wp-content\/uploads\/elementor\/thumbs\/Capture-decran-2023-11-28-a-19.22.36-qg1d8d065qvvkldsmnwkgiyeynmgmdwqugvgbfc3qk.png\" alt=\"\">\n\t\t\t\t<\/figure>\n\t\t\t\t\n\t\t\t\t\n\t\t\t<\/div>\n\n\t\t\t<div class=\"eael-team-content\">\n\t\t\t\t<h2 class=\"eael-team-member-name\">Antoine BLANQUART<\/h2>\n\t\t\t\t<h3 class=\"eael-team-member-position\">Tr\u00e9sorier<\/h3>\n\n\t\t\t\t\t\t\t\t\t\t\t\t\t\t<p class=\"eael-team-text\"><\/p>\n\t\t\t\t\t\t\t<\/div>\n\t\t<\/div>\n\t<\/div>\n\t\t\t<\/div>\n\t\t\t\t<\/div>\n\t\t\t\t\t<\/div>\n\t\t<\/div>\n\t\t\t\t<div class=\"elementor-column elementor-col-25 elementor-inner-column elementor-element elementor-element-40c5b52\" data-id=\"40c5b52\" data-element_type=\"column\">\n\t\t\t<div class=\"elementor-widget-wrap\">\n\t\t\t\t\t\t\t<\/div>\n\t\t<\/div>\n\t\t\t\t\t<\/div>\n\t\t<\/section>\n\t\t\t\t<section class=\"elementor-section elementor-inner-section elementor-element elementor-element-53fb3600 elementor-section-boxed elementor-section-height-default elementor-section-height-default wpr-particle-no wpr-jarallax-no wpr-parallax-no wpr-sticky-section-no\" data-id=\"53fb3600\" data-element_type=\"section\">\n\t\t\t\t\t\t<div class=\"elementor-container elementor-column-gap-default\">\n\t\t\t\t\t<div class=\"elementor-column elementor-col-33 elementor-inner-column elementor-element elementor-element-2a8dbfff animated-slow elementor-invisible\" data-id=\"2a8dbfff\" data-element_type=\"column\" data-settings=\"{&quot;background_background&quot;:&quot;classic&quot;,&quot;animation&quot;:&quot;fadeInLeft&quot;}\">\n\t\t\t<div class=\"elementor-widget-wrap elementor-element-populated\">\n\t\t\t\t\t\t<div class=\"elementor-element elementor-element-42b185be eael-team-align-centered elementor-widget elementor-widget-eael-team-member\" data-id=\"42b185be\" data-element_type=\"widget\" data-widget_type=\"eael-team-member.default\">\n\t\t\t\t<div class=\"elementor-widget-container\">\n\t\t\t\n\n\t<div id=\"eael-team-member-42b185be\" class=\"eael-team-item eael-team-members-centered \">\n\t\t<div class=\"eael-team-item-inner\">\n\t\t\t<div class=\"eael-team-image\">\n\t\t\t\t<figure>\n\t\t\t\t\t<img decoding=\"async\" src=\"https:\/\/ecolejeannedarc-lamadeleine.fr\/wp-content\/uploads\/elementor\/thumbs\/Capture-decran-2023-11-28-a-19.22.42-qg1d8b4hs2taxdgixn3bbjfhrvvq6zpa67khcvew30.png\" alt=\"\">\n\t\t\t\t<\/figure>\n\t\t\t\t\n\t\t\t\t\n\t\t\t<\/div>\n\n\t\t\t<div class=\"eael-team-content\">\n\t\t\t\t<h2 class=\"eael-team-member-name\">Thomas MARGERIN<\/h2>\n\t\t\t\t<h3 class=\"eael-team-member-position\">Secr\u00e9taire<\/h3>\n\n\t\t\t\t\t\t\t\t\t\t\t\t\t\t<p class=\"eael-team-text\"><\/p>\n\t\t\t\t\t\t\t<\/div>\n\t\t<\/div>\n\t<\/div>\n\t\t\t<\/div>\n\t\t\t\t<\/div>\n\t\t\t\t\t<\/div>\n\t\t<\/div>\n\t\t\t\t<div class=\"elementor-column elementor-col-33 elementor-inner-column elementor-element elementor-element-730abe41 animated-slow elementor-invisible\" data-id=\"730abe41\" data-element_type=\"column\" data-settings=\"{&quot;background_background&quot;:&quot;classic&quot;,&quot;animation&quot;:&quot;fadeInUp&quot;}\">\n\t\t\t<div class=\"elementor-widget-wrap elementor-element-populated\">\n\t\t\t\t\t\t<div class=\"elementor-element elementor-element-414656f1 eael-team-align-centered elementor-widget elementor-widget-eael-team-member\" data-id=\"414656f1\" data-element_type=\"widget\" data-widget_type=\"eael-team-member.default\">\n\t\t\t\t<div class=\"elementor-widget-container\">\n\t\t\t\n\n\t<div id=\"eael-team-member-414656f1\" class=\"eael-team-item eael-team-members-centered \">\n\t\t<div class=\"eael-team-item-inner\">\n\t\t\t<div class=\"eael-team-image\">\n\t\t\t\t<figure>\n\t\t\t\t\t<img decoding=\"async\" src=\"https:\/\/ecolejeannedarc-lamadeleine.fr\/wp-content\/uploads\/elementor\/thumbs\/Capture-decran-2023-11-28-a-19.22.47-qg1d8a6nl8s0lrhw34oor1o16i0czalju2wzvlga98.png\" alt=\"\">\n\t\t\t\t<\/figure>\n\t\t\t\t\n\t\t\t\t\n\t\t\t<\/div>\n\n\t\t\t<div class=\"eael-team-content\">\n\t\t\t\t<h2 class=\"eael-team-member-name\">Jean-Michel ROGGE<\/h2>\n\t\t\t\t<h3 class=\"eael-team-member-position\">Vice Tr\u00e9sori\u00e8re<\/h3>\n\n\t\t\t\t\t\t\t\t\t\t\t\t\t\t<p class=\"eael-team-text\"><\/p>\n\t\t\t\t\t\t\t<\/div>\n\t\t<\/div>\n\t<\/div>\n\t\t\t<\/div>\n\t\t\t\t<\/div>\n\t\t\t\t\t<\/div>\n\t\t<\/div>\n\t\t\t\t<div class=\"elementor-column elementor-col-33 elementor-inner-column elementor-element elementor-element-3775a3a2 animated-slow elementor-invisible\" data-id=\"3775a3a2\" data-element_type=\"column\" data-settings=\"{&quot;background_background&quot;:&quot;classic&quot;,&quot;animation&quot;:&quot;fadeInRight&quot;}\">\n\t\t\t<div class=\"elementor-widget-wrap elementor-element-populated\">\n\t\t\t\t\t\t<div class=\"elementor-element elementor-element-4edea7a3 eael-team-align-centered elementor-widget elementor-widget-eael-team-member\" data-id=\"4edea7a3\" data-element_type=\"widget\" data-widget_type=\"eael-team-member.default\">\n\t\t\t\t<div class=\"elementor-widget-container\">\n\t\t\t\n\n\t<div id=\"eael-team-member-4edea7a3\" class=\"eael-team-item eael-team-members-centered \">\n\t\t<div class=\"eael-team-item-inner\">\n\t\t\t<div class=\"eael-team-image\">\n\t\t\t\t<figure>\n\t\t\t\t\t<img decoding=\"async\" src=\"https:\/\/ecolejeannedarc-lamadeleine.fr\/wp-content\/uploads\/elementor\/thumbs\/Capture-decran-2023-11-28-a-19.22.56-qg1d898teeqqa5j98ma26jwkl44zrlhthy9iebhofg.png\" alt=\"\">\n\t\t\t\t<\/figure>\n\t\t\t\t\n\t\t\t\t\n\t\t\t<\/div>\n\n\t\t\t<div class=\"eael-team-content\">\n\t\t\t\t<h2 class=\"eael-team-member-name\">Quentin LAURENT<\/h2>\n\t\t\t\t<h3 class=\"eael-team-member-position\">Vice secr\u00e9taire<\/h3>\n\n\t\t\t\t\t\t\t\t\t\t\t\t\t\t<p class=\"eael-team-text\"><\/p>\n\t\t\t\t\t\t\t<\/div>\n\t\t<\/div>\n\t<\/div>\n\t\t\t<\/div>\n\t\t\t\t<\/div>\n\t\t\t\t\t<\/div>\n\t\t<\/div>\n\t\t\t\t\t<\/div>\n\t\t<\/section>\n\t\t\t\t<\/div>\n\t\t","protected":false},"excerpt":{"rendered":"<p>L&rsquo;OGEC de l&rsquo;\u00e9cole Jeanne d&rsquo;Arc est une association, datant de la loi de 1901, ayant pour objet de fournir \u00e0 l&rsquo;\u00e9cole, de fa\u00e7on p\u00e9renne, les conditions mat\u00e9rielles optimales permettant la [&hellip;]<\/p>\n","protected":false},"author":2,"featured_media":0,"parent":0,"menu_order":0,"comment_status":"closed","ping_status":"closed","template":"","meta":{"_eb_attr":"","ocean_post_layout":"","ocean_both_sidebars_style":"","ocean_both_sidebars_content_width":0,"ocean_both_sidebars_sidebars_width":0,"ocean_sidebar":"","ocean_second_sidebar":"","ocean_disable_margins":"enable","ocean_add_body_class":"","ocean_shortcode_before_top_bar":"","ocean_shortcode_after_top_bar":"","ocean_shortcode_before_header":"","ocean_shortcode_after_header":"","ocean_has_shortcode":"","ocean_shortcode_after_title":"","ocean_shortcode_before_footer_widgets":"","ocean_shortcode_after_footer_widgets":"","ocean_shortcode_before_footer_bottom":"","ocean_shortcode_after_footer_bottom":"","ocean_display_top_bar":"default","ocean_display_header":"default","ocean_header_style":"","ocean_center_header_left_menu":"","ocean_custom_header_template":"","ocean_custom_logo":0,"ocean_custom_retina_logo":0,"ocean_custom_logo_max_width":0,"ocean_custom_logo_tablet_max_width":0,"ocean_custom_logo_mobile_max_width":0,"ocean_custom_logo_max_height":0,"ocean_custom_logo_tablet_max_height":0,"ocean_custom_logo_mobile_max_height":0,"ocean_header_custom_menu":"","ocean_menu_typo_font_family":"","ocean_menu_typo_font_subset":"","ocean_menu_typo_font_size":0,"ocean_menu_typo_font_size_tablet":0,"ocean_menu_typo_font_size_mobile":0,"ocean_menu_typo_font_size_unit":"px","ocean_menu_typo_font_weight":"","ocean_menu_typo_font_weight_tablet":"","ocean_menu_typo_font_weight_mobile":"","ocean_menu_typo_transform":"","ocean_menu_typo_transform_tablet":"","ocean_menu_typo_transform_mobile":"","ocean_menu_typo_line_height":0,"ocean_menu_typo_line_height_tablet":0,"ocean_menu_typo_line_height_mobile":0,"ocean_menu_typo_line_height_unit":"","ocean_menu_typo_spacing":0,"ocean_menu_typo_spacing_tablet":0,"ocean_menu_typo_spacing_mobile":0,"ocean_menu_typo_spacing_unit":"","ocean_menu_link_color":"","ocean_menu_link_color_hover":"","ocean_menu_link_color_active":"","ocean_menu_link_background":"","ocean_menu_link_hover_background":"","ocean_menu_link_active_background":"","ocean_menu_social_links_bg":"","ocean_menu_social_hover_links_bg":"","ocean_menu_social_links_color":"","ocean_menu_social_hover_links_color":"","ocean_disable_title":"default","ocean_disable_heading":"default","ocean_post_title":"","ocean_post_subheading":"","ocean_post_title_style":"","ocean_post_title_background_color":"","ocean_post_title_background":0,"ocean_post_title_bg_image_position":"","ocean_post_title_bg_image_attachment":"","ocean_post_title_bg_image_repeat":"","ocean_post_title_bg_image_size":"","ocean_post_title_height":0,"ocean_post_title_bg_overlay":0.5,"ocean_post_title_bg_overlay_color":"","ocean_disable_breadcrumbs":"default","ocean_breadcrumbs_color":"","ocean_breadcrumbs_separator_color":"","ocean_breadcrumbs_links_color":"","ocean_breadcrumbs_links_hover_color":"","ocean_display_footer_widgets":"default","ocean_display_footer_bottom":"default","ocean_custom_footer_template":"","footnotes":""},"class_list":["post-25","page","type-page","status-publish","hentry","entry"],"yoast_head":"<!-- This site is optimized with the Yoast SEO plugin v22.4 - https:\/\/yoast.com\/wordpress\/plugins\/seo\/ -->\n<title>L&#039;OGEC - Ecole Jeanne d&#039;Arc - La Madeleine<\/title>\n<meta name=\"robots\" content=\"index, follow, max-snippet:-1, max-image-preview:large, max-video-preview:-1\" \/>\n<link rel=\"canonical\" href=\"https:\/\/ecolejeannedarc-lamadeleine.fr\/?page_id=25\" \/>\n<meta property=\"og:locale\" content=\"fr_FR\" \/>\n<meta property=\"og:type\" content=\"article\" \/>\n<meta property=\"og:title\" content=\"L&#039;OGEC - Ecole Jeanne d&#039;Arc - La Madeleine\" \/>\n<meta property=\"og:description\" content=\"L&rsquo;OGEC de l&rsquo;\u00e9cole Jeanne d&rsquo;Arc est une association, datant de la loi de 1901, ayant pour objet de fournir \u00e0 l&rsquo;\u00e9cole, de fa\u00e7on p\u00e9renne, les conditions mat\u00e9rielles optimales permettant la [&hellip;]\" \/>\n<meta property=\"og:url\" content=\"https:\/\/ecolejeannedarc-lamadeleine.fr\/?page_id=25\" \/>\n<meta property=\"og:site_name\" content=\"Ecole Jeanne d&#039;Arc - La Madeleine\" \/>\n<meta property=\"article:modified_time\" content=\"2023-12-18T09:11:46+00:00\" \/>\n<meta property=\"og:image\" content=\"https:\/\/ecolejeannedarc-lamadeleine.fr\/wp-content\/uploads\/2023\/11\/Capture-decran-2023-11-28-a-19.23.05.png\" \/>\n<meta name=\"twitter:card\" content=\"summary_large_image\" \/>\n<meta name=\"twitter:label1\" content=\"Dur\u00e9e de lecture estim\u00e9e\" \/>\n\t<meta name=\"twitter:data1\" content=\"3 minutes\" \/>\n<script type=\"application\/ld+json\" class=\"yoast-schema-graph\">{\"@context\":\"https:\/\/schema.org\",\"@graph\":[{\"@type\":\"WebPage\",\"@id\":\"https:\/\/ecolejeannedarc-lamadeleine.fr\/?page_id=25\",\"url\":\"https:\/\/ecolejeannedarc-lamadeleine.fr\/?page_id=25\",\"name\":\"L'OGEC - Ecole Jeanne d&#039;Arc - La Madeleine\",\"isPartOf\":{\"@id\":\"https:\/\/ecolejeannedarc-lamadeleine.fr\/#website\"},\"primaryImageOfPage\":{\"@id\":\"https:\/\/ecolejeannedarc-lamadeleine.fr\/?page_id=25#primaryimage\"},\"image\":{\"@id\":\"https:\/\/ecolejeannedarc-lamadeleine.fr\/?page_id=25#primaryimage\"},\"thumbnailUrl\":\"https:\/\/ecolejeannedarc-lamadeleine.fr\/wp-content\/uploads\/2023\/11\/Capture-decran-2023-11-28-a-19.23.05.png\",\"datePublished\":\"2023-11-27T20:01:42+00:00\",\"dateModified\":\"2023-12-18T09:11:46+00:00\",\"breadcrumb\":{\"@id\":\"https:\/\/ecolejeannedarc-lamadeleine.fr\/?page_id=25#breadcrumb\"},\"inLanguage\":\"fr-FR\",\"potentialAction\":[{\"@type\":\"ReadAction\",\"target\":[\"https:\/\/ecolejeannedarc-lamadeleine.fr\/?page_id=25\"]}]},{\"@type\":\"ImageObject\",\"inLanguage\":\"fr-FR\",\"@id\":\"https:\/\/ecolejeannedarc-lamadeleine.fr\/?page_id=25#primaryimage\",\"url\":\"https:\/\/ecolejeannedarc-lamadeleine.fr\/wp-content\/uploads\/2023\/11\/Capture-decran-2023-11-28-a-19.23.05.png\",\"contentUrl\":\"https:\/\/ecolejeannedarc-lamadeleine.fr\/wp-content\/uploads\/2023\/11\/Capture-decran-2023-11-28-a-19.23.05.png\",\"width\":450,\"height\":254},{\"@type\":\"BreadcrumbList\",\"@id\":\"https:\/\/ecolejeannedarc-lamadeleine.fr\/?page_id=25#breadcrumb\",\"itemListElement\":[{\"@type\":\"ListItem\",\"position\":1,\"name\":\"Accueil\",\"item\":\"https:\/\/ecolejeannedarc-lamadeleine.fr\/\"},{\"@type\":\"ListItem\",\"position\":2,\"name\":\"L&#8217;OGEC\"}]},{\"@type\":\"WebSite\",\"@id\":\"https:\/\/ecolejeannedarc-lamadeleine.fr\/#website\",\"url\":\"https:\/\/ecolejeannedarc-lamadeleine.fr\/\",\"name\":\"Ecole Jeanne d&#039;Arc - La Madeleine\",\"description\":\"Ecole Jeanne d&#039;Arc - La Madeleine\",\"publisher\":{\"@id\":\"https:\/\/ecolejeannedarc-lamadeleine.fr\/#organization\"},\"potentialAction\":[{\"@type\":\"SearchAction\",\"target\":{\"@type\":\"EntryPoint\",\"urlTemplate\":\"https:\/\/ecolejeannedarc-lamadeleine.fr\/?s={search_term_string}\"},\"query-input\":\"required name=search_term_string\"}],\"inLanguage\":\"fr-FR\"},{\"@type\":\"Organization\",\"@id\":\"https:\/\/ecolejeannedarc-lamadeleine.fr\/#organization\",\"name\":\"Ecole Jeanne d&#039;Arc - La Madeleine\",\"url\":\"https:\/\/ecolejeannedarc-lamadeleine.fr\/\",\"logo\":{\"@type\":\"ImageObject\",\"inLanguage\":\"fr-FR\",\"@id\":\"https:\/\/ecolejeannedarc-lamadeleine.fr\/#\/schema\/logo\/image\/\",\"url\":\"https:\/\/ecolejeannedarc-lamadeleine.fr\/wp-content\/uploads\/2023\/11\/cropped-Capture-decran-2023-11-28-a-21.46.22-1.png\",\"contentUrl\":\"https:\/\/ecolejeannedarc-lamadeleine.fr\/wp-content\/uploads\/2023\/11\/cropped-Capture-decran-2023-11-28-a-21.46.22-1.png\",\"width\":1022,\"height\":450,\"caption\":\"Ecole Jeanne d&#039;Arc - La Madeleine\"},\"image\":{\"@id\":\"https:\/\/ecolejeannedarc-lamadeleine.fr\/#\/schema\/logo\/image\/\"}}]}<\/script>\n<!-- \/ Yoast SEO plugin. -->","yoast_head_json":{"title":"L'OGEC - Ecole Jeanne d&#039;Arc - La Madeleine","robots":{"index":"index","follow":"follow","max-snippet":"max-snippet:-1","max-image-preview":"max-image-preview:large","max-video-preview":"max-video-preview:-1"},"canonical":"https:\/\/ecolejeannedarc-lamadeleine.fr\/?page_id=25","og_locale":"fr_FR","og_type":"article","og_title":"L'OGEC - Ecole Jeanne d&#039;Arc - La Madeleine","og_description":"L&rsquo;OGEC de l&rsquo;\u00e9cole Jeanne d&rsquo;Arc est une association, datant de la loi de 1901, ayant pour objet de fournir \u00e0 l&rsquo;\u00e9cole, de fa\u00e7on p\u00e9renne, les conditions mat\u00e9rielles optimales permettant la [&hellip;]","og_url":"https:\/\/ecolejeannedarc-lamadeleine.fr\/?page_id=25","og_site_name":"Ecole Jeanne d&#039;Arc - La Madeleine","article_modified_time":"2023-12-18T09:11:46+00:00","og_image":[{"url":"https:\/\/ecolejeannedarc-lamadeleine.fr\/wp-content\/uploads\/2023\/11\/Capture-decran-2023-11-28-a-19.23.05.png"}],"twitter_card":"summary_large_image","twitter_misc":{"Dur\u00e9e de lecture estim\u00e9e":"3 minutes"},"schema":{"@context":"https:\/\/schema.org","@graph":[{"@type":"WebPage","@id":"https:\/\/ecolejeannedarc-lamadeleine.fr\/?page_id=25","url":"https:\/\/ecolejeannedarc-lamadeleine.fr\/?page_id=25","name":"L'OGEC - Ecole Jeanne d&#039;Arc - La Madeleine","isPartOf":{"@id":"https:\/\/ecolejeannedarc-lamadeleine.fr\/#website"},"primaryImageOfPage":{"@id":"https:\/\/ecolejeannedarc-lamadeleine.fr\/?page_id=25#primaryimage"},"image":{"@id":"https:\/\/ecolejeannedarc-lamadeleine.fr\/?page_id=25#primaryimage"},"thumbnailUrl":"https:\/\/ecolejeannedarc-lamadeleine.fr\/wp-content\/uploads\/2023\/11\/Capture-decran-2023-11-28-a-19.23.05.png","datePublished":"2023-11-27T20:01:42+00:00","dateModified":"2023-12-18T09:11:46+00:00","breadcrumb":{"@id":"https:\/\/ecolejeannedarc-lamadeleine.fr\/?page_id=25#breadcrumb"},"inLanguage":"fr-FR","potentialAction":[{"@type":"ReadAction","target":["https:\/\/ecolejeannedarc-lamadeleine.fr\/?page_id=25"]}]},{"@type":"ImageObject","inLanguage":"fr-FR","@id":"https:\/\/ecolejeannedarc-lamadeleine.fr\/?page_id=25#primaryimage","url":"https:\/\/ecolejeannedarc-lamadeleine.fr\/wp-content\/uploads\/2023\/11\/Capture-decran-2023-11-28-a-19.23.05.png","contentUrl":"https:\/\/ecolejeannedarc-lamadeleine.fr\/wp-content\/uploads\/2023\/11\/Capture-decran-2023-11-28-a-19.23.05.png","width":450,"height":254},{"@type":"BreadcrumbList","@id":"https:\/\/ecolejeannedarc-lamadeleine.fr\/?page_id=25#breadcrumb","itemListElement":[{"@type":"ListItem","position":1,"name":"Accueil","item":"https:\/\/ecolejeannedarc-lamadeleine.fr\/"},{"@type":"ListItem","position":2,"name":"L&#8217;OGEC"}]},{"@type":"WebSite","@id":"https:\/\/ecolejeannedarc-lamadeleine.fr\/#website","url":"https:\/\/ecolejeannedarc-lamadeleine.fr\/","name":"Ecole Jeanne d&#039;Arc - La Madeleine","description":"Ecole Jeanne d&#039;Arc - La Madeleine","publisher":{"@id":"https:\/\/ecolejeannedarc-lamadeleine.fr\/#organization"},"potentialAction":[{"@type":"SearchAction","target":{"@type":"EntryPoint","urlTemplate":"https:\/\/ecolejeannedarc-lamadeleine.fr\/?s={search_term_string}"},"query-input":"required name=search_term_string"}],"inLanguage":"fr-FR"},{"@type":"Organization","@id":"https:\/\/ecolejeannedarc-lamadeleine.fr\/#organization","name":"Ecole Jeanne d&#039;Arc - La Madeleine","url":"https:\/\/ecolejeannedarc-lamadeleine.fr\/","logo":{"@type":"ImageObject","inLanguage":"fr-FR","@id":"https:\/\/ecolejeannedarc-lamadeleine.fr\/#\/schema\/logo\/image\/","url":"https:\/\/ecolejeannedarc-lamadeleine.fr\/wp-content\/uploads\/2023\/11\/cropped-Capture-decran-2023-11-28-a-21.46.22-1.png","contentUrl":"https:\/\/ecolejeannedarc-lamadeleine.fr\/wp-content\/uploads\/2023\/11\/cropped-Capture-decran-2023-11-28-a-21.46.22-1.png","width":1022,"height":450,"caption":"Ecole Jeanne d&#039;Arc - La Madeleine"},"image":{"@id":"https:\/\/ecolejeannedarc-lamadeleine.fr\/#\/schema\/logo\/image\/"}}]}},"_links":{"self":[{"href":"https:\/\/ecolejeannedarc-lamadeleine.fr\/index.php?rest_route=\/wp\/v2\/pages\/25","targetHints":{"allow":["GET"]}}],"collection":[{"href":"https:\/\/ecolejeannedarc-lamadeleine.fr\/index.php?rest_route=\/wp\/v2\/pages"}],"about":[{"href":"https:\/\/ecolejeannedarc-lamadeleine.fr\/index.php?rest_route=\/wp\/v2\/types\/page"}],"author":[{"embeddable":true,"href":"https:\/\/ecolejeannedarc-lamadeleine.fr\/index.php?rest_route=\/wp\/v2\/users\/2"}],"replies":[{"embeddable":true,"href":"https:\/\/ecolejeannedarc-lamadeleine.fr\/index.php?rest_route=%2Fwp%2Fv2%2Fcomments&post=25"}],"version-history":[{"count":37,"href":"https:\/\/ecolejeannedarc-lamadeleine.fr\/index.php?rest_route=\/wp\/v2\/pages\/25\/revisions"}],"predecessor-version":[{"id":911,"href":"https:\/\/ecolejeannedarc-lamadeleine.fr\/index.php?rest_route=\/wp\/v2\/pages\/25\/revisions\/911"}],"wp:attachment":[{"href":"https:\/\/ecolejeannedarc-lamadeleine.fr\/index.php?rest_route=%2Fwp%2Fv2%2Fmedia&parent=25"}],"curies":[{"name":"wp","href":"https:\/\/api.w.org\/{rel}","templated":true}]}}